{"version":"1.0","provider_name":"Povinn\u00e9Ru\u010den\u00ed","provider_url":"https:\/\/www.povinneruceni.top\/clanky","author_name":"Tom\u00e1\u0161","author_url":"https:\/\/www.povinneruceni.top\/clanky\/author\/tomasvhd\/","title":"Prvn\u00ed \u010desk\u00e9 SUV slavilo a st\u00e1le slav\u00ed sv\u00e9 \u00fasp\u011bchy","type":"rich","width":600,"height":338,"html":"<blockquote class=\"wp-embedded-content\" data-secret=\"OCy6KOxGqp\"><a href=\"https:\/\/www.povinneruceni.top\/clanky\/prvni-ceske-suv-slavilo-stale-slavi-sve-uspechy\/\">Prvn\u00ed \u010desk\u00e9 SUV slavilo a st\u00e1le slav\u00ed sv\u00e9 \u00fasp\u011bchy<\/a><\/blockquote><iframe sandbox=\"allow-scripts\" security=\"restricted\" src=\"https:\/\/www.povinneruceni.top\/clanky\/prvni-ceske-suv-slavilo-stale-slavi-sve-uspechy\/embed\/#?secret=OCy6KOxGqp\" width=\"600\" height=\"338\" title=\"&#8222;Prvn\u00ed \u010desk\u00e9 SUV slavilo a st\u00e1le slav\u00ed sv\u00e9 \u00fasp\u011bchy&#8220; &#8212; Povinn\u00e9Ru\u010den\u00ed\" data-secret=\"OCy6KOxGqp\" frameborder=\"0\" marginwidth=\"0\" marginheight=\"0\" scrolling=\"no\" class=\"wp-embedded-content\"><\/iframe><script type=\"text\/javascript\">\n\/*! This file is auto-generated *\/\n!function(c,l){\"use strict\";var e=!1,o=!1;if(l.querySelector)if(c.addEventListener)e=!0;if(c.wp=c.wp||{},c.wp.receiveEmbedMessage);else if(c.wp.receiveEmbedMessage=function(e){var t=e.data;if(!t);else if(!(t.secret||t.message||t.value));else if(\/[^a-zA-Z0-9]\/.test(t.secret));else{for(var r,s,a,i=l.querySelectorAll('iframe[data-secret=\"'+t.secret+'\"]'),n=l.querySelectorAll('blockquote[data-secret=\"'+t.secret+'\"]'),o=0;o<n.length;o++)n[o].style.display=\"none\";for(o=0;o<i.length;o++)if(r=i[o],e.source!==r.contentWindow);else{if(r.removeAttribute(\"style\"),\"height\"===t.message){if(1e3<(s=parseInt(t.value,10)))s=1e3;else if(~~s<200)s=200;r.height=s}if(\"link\"===t.message)if(s=l.createElement(\"a\"),a=l.createElement(\"a\"),s.href=r.getAttribute(\"src\"),a.href=t.value,a.host===s.host)if(l.activeElement===r)c.top.location.href=t.value}}},e)c.addEventListener(\"message\",c.wp.receiveEmbedMessage,!1),l.addEventListener(\"DOMContentLoaded\",t,!1),c.addEventListener(\"load\",t,!1);function t(){if(o);else{o=!0;for(var e,t,r,s=-1!==navigator.appVersion.indexOf(\"MSIE 10\"),a=!!navigator.userAgent.match(\/Trident.*rv:11\\.\/),i=l.querySelectorAll(\"iframe.wp-embedded-content\"),n=0;n<i.length;n++){if(!(r=(t=i[n]).getAttribute(\"data-secret\")))r=Math.random().toString(36).substr(2,10),t.src+=\"#?secret=\"+r,t.setAttribute(\"data-secret\",r);if(s||a)(e=t.cloneNode(!0)).removeAttribute(\"security\"),t.parentNode.replaceChild(e,t);t.contentWindow.postMessage({message:\"ready\",secret:r},\"*\")}}}}(window,document);\n<\/script>\n","thumbnail_url":"https:\/\/www.povinneruceni.top\/clanky\/wp-content\/uploads\/2016\/07\/Edition_Yeti.jpg","thumbnail_width":626,"thumbnail_height":381,"description":"Psal se rok 2005, kdy se poprv\u00e9 na projektov\u00e9m pl\u00e1nu objevil n\u00e1vrh la\u0161kuj\u00edc\u00ed s my\u0161lenkou vytvo\u0159en\u00ed \u00fapln\u011b prvn\u00edho \u010desk\u00e9ho SUV. Ostatn\u00ed automobilky ho ji\u017e d\u00e1vno maj\u00ed, tak pro\u010d se v tomto st\u00e1le obl\u00edben\u011bj\u0161\u00edm segmentu neprosadit? O \u010dty\u0159i roky pozd\u011bji se tento p\u016fvodn\u00ed pl\u00e1n prom\u011bnil v reality a dnes ji\u017e hrd\u011b br\u00e1zd\u00ed pozemn\u00ed komunikace na cel\u00e9m sv\u011bt\u011b a slav\u00ed jeden prodejn\u00ed \u00fasp\u011bch za druh\u00fdm. \u0160koda Yeti nen\u00ed \u017e\u00e1dn\u00fd Tiguan Koncer Volkswagen je ji\u017e proslul\u00fd sd\u00edlen\u00edm jednotliv\u00fdch technick\u00fdch komponent\u016f nap\u0159\u00ed\u010d sv\u00fdm vozov\u00fdm parkem. Kdo by \u0159ekl, \u017ee se pod nale\u0161t\u011bnou kapotou Audi TT ukr\u00fdvaj\u00ed prvky s oby\u010dejn\u00e9ho Golfu? Pr\u00e1v\u011b z toho mohou"}