{"version":"1.0","provider_name":"Povinn\u00e9Ru\u010den\u00ed","provider_url":"https:\/\/www.povinneruceni.top\/clanky","author_name":"Tom\u00e1\u0161","author_url":"https:\/\/www.povinneruceni.top\/clanky\/author\/tomasvhd\/","title":"Mlad\u00e1 Boleslav nesp\u00ed - nov\u00fd facelift Superb zve\u0159ejn\u011bno","type":"rich","width":600,"height":338,"html":"<blockquote class=\"wp-embedded-content\" data-secret=\"JkI1YUppSJ\"><a href=\"https:\/\/www.povinneruceni.top\/clanky\/mlada-boleslav-nespi-novy-facelift-superb-zverejneno\/\">Mlad\u00e1 Boleslav nesp\u00ed &#8211; nov\u00fd facelift Superb zve\u0159ejn\u011bno<\/a><\/blockquote><iframe sandbox=\"allow-scripts\" security=\"restricted\" src=\"https:\/\/www.povinneruceni.top\/clanky\/mlada-boleslav-nespi-novy-facelift-superb-zverejneno\/embed\/#?secret=JkI1YUppSJ\" width=\"600\" height=\"338\" title=\"&#8222;Mlad\u00e1 Boleslav nesp\u00ed &#8211; nov\u00fd facelift Superb zve\u0159ejn\u011bno&#8220; &#8212; Povinn\u00e9Ru\u010den\u00ed\" data-secret=\"JkI1YUppSJ\" frameborder=\"0\" marginwidth=\"0\" marginheight=\"0\" scrolling=\"no\" class=\"wp-embedded-content\"><\/iframe><script type=\"text\/javascript\">\n\/*! This file is auto-generated *\/\n!function(c,l){\"use strict\";var e=!1,o=!1;if(l.querySelector)if(c.addEventListener)e=!0;if(c.wp=c.wp||{},c.wp.receiveEmbedMessage);else if(c.wp.receiveEmbedMessage=function(e){var t=e.data;if(!t);else if(!(t.secret||t.message||t.value));else if(\/[^a-zA-Z0-9]\/.test(t.secret));else{for(var r,s,a,i=l.querySelectorAll('iframe[data-secret=\"'+t.secret+'\"]'),n=l.querySelectorAll('blockquote[data-secret=\"'+t.secret+'\"]'),o=0;o<n.length;o++)n[o].style.display=\"none\";for(o=0;o<i.length;o++)if(r=i[o],e.source!==r.contentWindow);else{if(r.removeAttribute(\"style\"),\"height\"===t.message){if(1e3<(s=parseInt(t.value,10)))s=1e3;else if(~~s<200)s=200;r.height=s}if(\"link\"===t.message)if(s=l.createElement(\"a\"),a=l.createElement(\"a\"),s.href=r.getAttribute(\"src\"),a.href=t.value,a.host===s.host)if(l.activeElement===r)c.top.location.href=t.value}}},e)c.addEventListener(\"message\",c.wp.receiveEmbedMessage,!1),l.addEventListener(\"DOMContentLoaded\",t,!1),c.addEventListener(\"load\",t,!1);function t(){if(o);else{o=!0;for(var e,t,r,s=-1!==navigator.appVersion.indexOf(\"MSIE 10\"),a=!!navigator.userAgent.match(\/Trident.*rv:11\\.\/),i=l.querySelectorAll(\"iframe.wp-embedded-content\"),n=0;n<i.length;n++){if(!(r=(t=i[n]).getAttribute(\"data-secret\")))r=Math.random().toString(36).substr(2,10),t.src+=\"#?secret=\"+r,t.setAttribute(\"data-secret\",r);if(s||a)(e=t.cloneNode(!0)).removeAttribute(\"security\"),t.parentNode.replaceChild(e,t);t.contentWindow.postMessage({message:\"ready\",secret:r},\"*\")}}}}(window,document);\n<\/script>\n","thumbnail_url":"https:\/\/www.povinneruceni.top\/clanky\/wp-content\/uploads\/2018\/03\/mlada-boleslav-nespi-novy-facelift-superb-zverejneno.jpg","thumbnail_width":640,"thumbnail_height":480,"description":"Mladoboleslavsk\u00e1 automobilka neust\u00e1le s ve\u0161ker\u00fdm \u00fasil\u00edm pracuje na zdokonalov\u00e1n\u00ed a z\u00e1rove\u0148 modernizovan\u00ed sv\u00e9ho vozov\u00e9ho parku. Pro tentokr\u00e1t se pomysln\u00e1 ru\u010di\u010dka s p\u0159\u00edslibem technologick\u00e9ho vylep\u0161en\u00ed zastavila na vlajkov\u00e9 lodi Superb.V upraven\u00e9 verzi se m\u00e1 dostat na celosv\u011btov\u00fd trh za\u010d\u00e1tkem roku 2019. Horkou novinkou se v tomto vylep\u0161en\u00ed stane plugin hybridn\u00ed model. 3. generace obl\u00edben\u00e9ho modelu \u0160koda Superb se poprv\u00e9 na sv\u011btlo sv\u011bta dostala ji\u017e roku 2015. Bude tomu tedy \u010dty\u0159i roky co se na podobu vzhledov\u00e9 charakteristiky vozu nes\u00e1hlo. Z tohoto hlediska nast\u00e1v\u00e1 ide\u00e1ln\u00ed doba k ur\u010dit\u00e9mu posunu a k vylad\u011bn\u00ed st\u00e1vaj\u00edc\u00ed podoby za pomoc\u00ed inovovan\u00e9 techniky. Prvn\u00ed informace jsou venku"}